{"id":2137,"date":"2016-10-11T06:48:01","date_gmt":"2016-10-11T06:48:01","guid":{"rendered":"http:\/\/fedecazabizkaia.org\/?page_id=2137"},"modified":"2016-11-03T07:33:10","modified_gmt":"2016-11-03T07:33:10","slug":"elecciones-federacion","status":"publish","type":"page","link":"https:\/\/fedecazabizkaia.org\/eu\/elecciones-federacion\/","title":{"rendered":"2012ko hauteskundeak"},"content":{"rendered":"<p><\/p>\n<p style=\"text-align: justify;\">Mi\u00e9rcoles 12 de Septiembre de 2012<\/p>\n<p style=\"text-align: justify;\"><a href=\"https:\/\/fedecazabizkaia.org\/wp-content\/uploads\/2016\/10\/CALENDARIOELECTORAL-1.pdf\" target=\"_blank\">CALENDARIO ELECTORAL 2012<\/a><\/p>\n<p style=\"text-align: justify;\">Mi\u00e9rcoles 12 de Septiembre de 2012<\/p>\n<p style=\"text-align: justify;\"><a href=\"https:\/\/fedecazabizkaia.org\/xabier-diez-gana-campeonato-de-bizkaia-de-caza-menor-con-perro\/\" target=\"_blank\">REGLAMENTO ELECTORAL 2012 PARTE 1<\/a><\/p>\n<p style=\"text-align: justify;\"><a href=\"https:\/\/fedecazabizkaia.org\/wp-content\/uploads\/2016\/10\/REGLAMENTO2.pdf\" target=\"_blank\">REGLAMENTO ELECTORAL 2012 PARTE 2<\/a><\/p>\n<p style=\"text-align: justify;\">Mi\u00e9rcoles 12 de Septiembre de 2012<\/p>\n<p style=\"text-align: justify;\"><a href=\"https:\/\/fedecazabizkaia.org\/wp-content\/uploads\/2016\/10\/CIRCULAR1.pdf\" target=\"_blank\">CIRCULAR N\u00ba1 SOBRE REGLAMENTO ELECTORAL APLICABLE EN 2012<\/a><\/p>\n<p style=\"text-align: justify;\">Mi\u00e9rcoles 12 de Septiembre de 2012<\/p>\n<p style=\"text-align: justify;\"><a href=\"https:\/\/fedecazabizkaia.org\/wp-content\/uploads\/2016\/10\/ACTA-12-SEPT.pdf\" target=\"_blank\">ACTA 12 DE SEPTIEMBRE DE 2012<\/a><\/p>\n<p style=\"text-align: justify;\">Mi\u00e9rcoles 12 de Septiembre de 2012<\/p>\n<p style=\"text-align: justify;\"><a href=\"https:\/\/fedecazabizkaia.org\/wp-content\/uploads\/2016\/10\/IMPRESO1.pdf\" target=\"_blank\">IMPRESO DE PRESENTACI\u00d3N DE CANDIDATURAS A LA ASAMBLEA GENERAL POR EL ESTAMENTO DE JUECES<\/a><\/p>\n<p style=\"text-align: justify;\"><a href=\"https:\/\/fedecazabizkaia.org\/wp-content\/uploads\/2016\/10\/IMPRESO2.pdf\" target=\"_blank\">IMPRESO DE PRESENTACI\u00d3N DE CANDIDATURAS A LA ASAMBLEA GENERAL POR EL ESTAMENTO DE DEPORTISTAS<\/a><\/p>\n<p style=\"text-align: justify;\"><a href=\"https:\/\/fedecazabizkaia.org\/wp-content\/uploads\/2016\/10\/IMPRESO3.pdf\" target=\"_blank\">IMPRESO DE PRESENTACI\u00d3N DE CANDIDATURAS A LA ASAMBLEA GENERAL POR EL ESTAMENTO DE CLUBES Y AGRUPACIONES DEPORTIVAS<\/a><\/p>\n<p style=\"text-align: justify;\"><a href=\"https:\/\/fedecazabizkaia.org\/wp-content\/uploads\/2016\/10\/IMPRESO4.pdf\" target=\"_blank\">IMPRESO DE PRESENTACI\u00d3N DE CANDIDATURAS A LA ASAMBLEA GENERAL POR EL ESTAMENTO DE T\u00c9CNICOS<\/a><\/p>\n<p style=\"text-align: justify;\">Mi\u00e9rcoles 12 de Septiembre de 2012<\/p>\n<p style=\"text-align: justify;\"><a href=\"https:\/\/fedecazabizkaia.org\/wp-content\/uploads\/2016\/10\/CENSO.pdf\" target=\"_blank\">CENSO PROVISIONAL DE SOCIEDADES<\/a><\/p>\n<p style=\"text-align: justify;\">CENSO PROVISIONAL DE DEPORTISTAS, se podr\u00e1 consultar en la Federaci\u00f3n, por tel\u00e9fono 94 4270528 y en AFEDEBI<\/p>\n<p style=\"text-align: justify;\">CENSO PROVISIONAL DE JUECES, se podr\u00e1 consultar en la Federaci\u00f3n, por tel\u00e9fono 94 4270528 y en AFEDEBI<\/p>\n<p style=\"text-align: justify;\">Viernes 21 de Septiembre de 2012<\/p>\n<p style=\"text-align: justify;\"><a href=\"https:\/\/fedecazabizkaia.org\/wp-content\/uploads\/2016\/10\/ACTA21.pdf\" target=\"_blank\">ACTA 21 DE SEPTIEMBRE<\/a><\/p>\n<p style=\"text-align: justify;\">S\u00e1bado 29 de Septiembre de 2012<\/p>\n<p style=\"text-align: justify;\"><a href=\"http:\/\/www.fedecazabizkaia.com\/listas-provisionales-elecciones-2012_es_0_3_157.html\" target=\"_blank\">LISTADO PROVISIONAL DE CANDIDATURAS<\/a><\/p>\n<p style=\"text-align: justify;\">Martes 2 de Octubre de 2012<\/p>\n<p style=\"text-align: justify;\"><a href=\"https:\/\/fedecazabizkaia.org\/wp-content\/uploads\/2016\/10\/CIRCULAR2OCT.pdf\" target=\"_blank\">CIRCULAR DEL 2 OCTUBRE<\/a><\/p>\n<p style=\"text-align: justify;\">S\u00e1bado 6 de Octubre de 2012<\/p>\n<p style=\"text-align: justify;\"><a href=\"https:\/\/fedecazabizkaia.org\/wp-content\/uploads\/2016\/10\/ACTA6OCT-LIST.pdf\" target=\"_blank\">Acta del 6 de Octubre &#8211; LISTADO DEFINITIVO DE CANDIDATOS POR EL ESTAMENTO DE DEPORTISTAS<\/a><\/p>\n<p style=\"text-align: justify;\">Jueves 11 de Octubre de 2012<\/p>\n<p style=\"text-align: justify;\"><a href=\"https:\/\/fedecazabizkaia.org\/wp-content\/uploads\/2016\/10\/PROCLAMACION.pdf\" target=\"_blank\">ACTA DEL 10 de OCTUBRE &#8211; ESCRUTINIO DE LA VOTACI\u00d3N A REPRESENTANTES DE LA ASAMBLEA POR EL ESTAMENTO DE DEPORTISTAS<\/a><\/p>\n<p style=\"text-align: justify;\"><a href=\"http:\/\/www.fedecazabizkaia.com\/acta-11-de-octubre_es_0_3_164.html\" target=\"_blank\">ACTA DEL 11 DE OCTUBRE &#8211; PROCLAMACI\u00d3N PROVISIONAL DE MIEMBROS DE LA ASAMBLEA POR EL ESTAMENTO DE DEPORTISTAS<\/a><\/p>\n<p style=\"text-align: justify;\">Viernes 19 de Octubre de 2012<\/p>\n<p style=\"text-align: justify;\"><a href=\"https:\/\/fedecazabizkaia.org\/wp-content\/uploads\/2016\/10\/ACTA19OCT.pdf\" target=\"_blank\">ACTA DEL 19 DE OCTUBRE &#8211; PROCLAMACI\u00d3N DEFINITIVA DE LOS MIEMBROS ELECTOS DE LA ASAMBLEA GENERAL<\/a><\/p>\n<p style=\"text-align: justify;\">S\u00e1bado 20 de Octubre de 2012<\/p>\n<p style=\"text-align: justify;\"><a href=\"https:\/\/fedecazabizkaia.org\/wp-content\/uploads\/2016\/10\/ACTA20OCT.pdf\" target=\"_blank\">ACTA DEL 20 DE OCTUBRE<\/a><\/p>\n<p style=\"text-align: justify;\">Lunes 29 de Octubre de 2012<\/p>\n<p style=\"text-align: justify;\"><a href=\"https:\/\/fedecazabizkaia.org\/wp-content\/uploads\/2016\/10\/ACTA29OCT.pdf\" target=\"_blank\">ACTA DEL 29 DE OCTUBRE &#8211; PROCLAMACI\u00d3N PROVISIONAL DE LA LISTA DE CANDIDATOS A PRESIDENTE<\/a><\/p>\n<p style=\"text-align: justify;\">Viernes 02 de Noviembre de 2012<\/p>\n<p style=\"text-align: justify;\"><a href=\"https:\/\/fedecazabizkaia.org\/wp-content\/uploads\/2016\/10\/ACTA2NOV.pdf\" target=\"_blank\">ACTA DEL 2 DE NOVIEMBRE &#8211; PROCLAMACI\u00d3N DEFINITIVA CANDIDATOS A PRESIDENTE Y CONVOCATORIA DE ASAMBLEA GENERAL EXTRAORDINARIA<\/a><\/p>\n<p style=\"text-align: justify;\"><a href=\"https:\/\/fedecazabizkaia.org\/wp-content\/uploads\/2016\/10\/CIRCULAR2NOV.pdf\" target=\"_blank\">CIRCULAR DEL 2 NOVIEMBRE<\/a><\/p>\n<p style=\"text-align: justify;\">Mi\u00e9rcoles 14 de Noviembre de 2012<\/p>\n<p style=\"text-align: justify;\"><a href=\"https:\/\/fedecazabizkaia.org\/wp-content\/uploads\/2016\/10\/ACTA14NOV.pdf\" target=\"_blank\">ACTA DEL 14 NOVIEMBRE &#8211; RECUENTO DE VOTOS ELECCIONES A PRESIDENTE DE LA FEDERACI\u00d3N TERRITORIAL DE BIZKAIA<\/a><\/p>\n<p style=\"text-align: justify;\"><a href=\"https:\/\/fedecazabizkaia.org\/wp-content\/uploads\/2016\/10\/ACTA2-14NOV.pdf\" target=\"_blank\">ACTA DEL 14 DE NOVIEMBRE &#8211; PROCLAMACI\u00d3N PROVISIONAL PRESIDENTE DE LA FEDERACI\u00d3N TERRITORIAL DE CAZA DE BIZKAIA<\/a><\/p>\n<p style=\"text-align: justify;\">Martes 20 de Noviembre de 2012<\/p>\n<p style=\"text-align: justify;\"><a href=\"https:\/\/fedecazabizkaia.org\/wp-content\/uploads\/2016\/10\/ACTA20NOV.pdf\" target=\"_blank\">ACTA DEL 20 DE NOVIEMBRE &#8211; PROCLAMACI\u00d3N DEFINITIVA PRESIDENTE DE LA FEDERACI\u00d3N TERRITORIAL DE CAZA DE BIZKAIA<\/a><\/p>\n<p><\/p>","protected":false},"excerpt":{"rendered":"<p>Mi\u00e9rcoles 12 de Septiembre de 2012 CALENDARIO ELECTORAL 2012 Mi\u00e9rcoles 12 de Septiembre de 2012 REGLAMENTO ELECTORAL 2012 PARTE 1 REGLAMENTO ELECTORAL 2012 PARTE 2 Mi\u00e9rcoles 12 de Septiembre de 2012 CIRCULAR N\u00ba1 SOBRE REGLAMENTO ELECTORAL APLICABLE EN 2012 Mi\u00e9rcoles 12 de Septiembre de 2012 ACTA 12 DE SEPTIEMBRE DE 2012 Mi\u00e9rcoles 12 de Septiembre [&hellip;]<\/p>\n","protected":false},"author":1,"featured_media":2069,"parent":0,"menu_order":0,"comment_status":"closed","ping_status":"closed","template":"","meta":{"footnotes":""},"class_list":["post-2137","page","type-page","status-publish","has-post-thumbnail","hentry"],"yoast_head":"<!-- This site is optimized with the Yoast SEO plugin v23.4 - https:\/\/yoast.com\/wordpress\/plugins\/seo\/ -->\n<title>2012ko hauteskundeak  - FEDERACI\u00d3N BIZKAINA DE CAZA<\/title>\n<meta name=\"robots\" content=\"index, follow, max-snippet:-1, max-image-preview:large, max-video-preview:-1\" \/>\n<link rel=\"canonical\" href=\"https:\/\/fedecazabizkaia.org\/elecciones-federacion\/\" \/>\n<meta property=\"og:locale\" content=\"en_US\" \/>\n<meta property=\"og:type\" content=\"article\" \/>\n<meta property=\"og:title\" content=\"[:es]Elecciones 2012[:eu]2012ko hauteskundeak [:] - FEDERACI\u00d3N BIZKAINA DE CAZA\" \/>\n<meta property=\"og:description\" content=\"Mi\u00e9rcoles 12 de Septiembre de 2012 CALENDARIO ELECTORAL 2012 Mi\u00e9rcoles 12 de Septiembre de 2012 REGLAMENTO ELECTORAL 2012 PARTE 1 REGLAMENTO ELECTORAL 2012 PARTE 2 Mi\u00e9rcoles 12 de Septiembre de 2012 CIRCULAR N\u00ba1 SOBRE REGLAMENTO ELECTORAL APLICABLE EN 2012 Mi\u00e9rcoles 12 de Septiembre de 2012 ACTA 12 DE SEPTIEMBRE DE 2012 Mi\u00e9rcoles 12 de Septiembre [&hellip;]\" \/>\n<meta property=\"og:url\" content=\"https:\/\/fedecazabizkaia.org\/elecciones-federacion\/\" \/>\n<meta property=\"og:site_name\" content=\"FEDERACI\u00d3N BIZKAINA DE CAZA\" \/>\n<meta property=\"article:publisher\" content=\"https:\/\/www.facebook.com\/FederacionBizkainaDeCaza\/\" \/>\n<meta property=\"article:modified_time\" content=\"2016-11-03T07:33:10+00:00\" \/>\n<meta property=\"og:image\" content=\"https:\/\/fedecazabizkaia.org\/wp-content\/uploads\/2016\/10\/caza.jpg\" \/>\n\t<meta property=\"og:image:width\" content=\"1000\" \/>\n\t<meta property=\"og:image:height\" content=\"403\" \/>\n\t<meta property=\"og:image:type\" content=\"image\/jpeg\" \/>\n<meta name=\"twitter:card\" content=\"summary_large_image\" \/>\n<meta name=\"twitter:label1\" content=\"Est. reading time\" \/>\n\t<meta name=\"twitter:data1\" content=\"4 minutua\" \/>\n<script type=\"application\/ld+json\" class=\"yoast-schema-graph\">{\"@context\":\"https:\/\/schema.org\",\"@graph\":[{\"@type\":\"WebPage\",\"@id\":\"https:\/\/fedecazabizkaia.org\/elecciones-federacion\/\",\"url\":\"https:\/\/fedecazabizkaia.org\/elecciones-federacion\/\",\"name\":\"[:es]Elecciones 2012[:eu]2012ko hauteskundeak [:] - FEDERACI\u00d3N BIZKAINA DE CAZA\",\"isPartOf\":{\"@id\":\"https:\/\/fedecazabizkaia.org\/#website\"},\"primaryImageOfPage\":{\"@id\":\"https:\/\/fedecazabizkaia.org\/elecciones-federacion\/#primaryimage\"},\"image\":{\"@id\":\"https:\/\/fedecazabizkaia.org\/elecciones-federacion\/#primaryimage\"},\"thumbnailUrl\":\"https:\/\/fedecazabizkaia.org\/wp-content\/uploads\/2016\/10\/caza.jpg\",\"datePublished\":\"2016-10-11T06:48:01+00:00\",\"dateModified\":\"2016-11-03T07:33:10+00:00\",\"breadcrumb\":{\"@id\":\"https:\/\/fedecazabizkaia.org\/elecciones-federacion\/#breadcrumb\"},\"inLanguage\":\"eu\",\"potentialAction\":[{\"@type\":\"ReadAction\",\"target\":[\"https:\/\/fedecazabizkaia.org\/elecciones-federacion\/\"]}]},{\"@type\":\"ImageObject\",\"inLanguage\":\"eu\",\"@id\":\"https:\/\/fedecazabizkaia.org\/elecciones-federacion\/#primaryimage\",\"url\":\"https:\/\/fedecazabizkaia.org\/wp-content\/uploads\/2016\/10\/caza.jpg\",\"contentUrl\":\"https:\/\/fedecazabizkaia.org\/wp-content\/uploads\/2016\/10\/caza.jpg\",\"width\":1000,\"height\":403},{\"@type\":\"BreadcrumbList\",\"@id\":\"https:\/\/fedecazabizkaia.org\/elecciones-federacion\/#breadcrumb\",\"itemListElement\":[{\"@type\":\"ListItem\",\"position\":1,\"name\":\"Portada\",\"item\":\"https:\/\/fedecazabizkaia.org\/\"},{\"@type\":\"ListItem\",\"position\":2,\"name\":\"Elecciones 2012\"}]},{\"@type\":\"WebSite\",\"@id\":\"https:\/\/fedecazabizkaia.org\/#website\",\"url\":\"https:\/\/fedecazabizkaia.org\/\",\"name\":\"FEDERACI\u00d3N BIZKAINA DE CAZA\",\"description\":\"Lurralde Ehizako Federazioa\",\"potentialAction\":[{\"@type\":\"SearchAction\",\"target\":{\"@type\":\"EntryPoint\",\"urlTemplate\":\"https:\/\/fedecazabizkaia.org\/?s={search_term_string}\"},\"query-input\":{\"@type\":\"PropertyValueSpecification\",\"valueRequired\":true,\"valueName\":\"search_term_string\"}}],\"inLanguage\":\"eu\"}]}<\/script>\n<!-- \/ Yoast SEO plugin. -->","yoast_head_json":{"title":"[:es]Elecciones 2012[:eu]2012ko hauteskundeak [:] - FEDERACI\u00d3N BIZKAINA DE CAZA","robots":{"index":"index","follow":"follow","max-snippet":"max-snippet:-1","max-image-preview":"max-image-preview:large","max-video-preview":"max-video-preview:-1"},"canonical":"https:\/\/fedecazabizkaia.org\/elecciones-federacion\/","og_locale":"en_US","og_type":"article","og_title":"[:es]Elecciones 2012[:eu]2012ko hauteskundeak [:] - FEDERACI\u00d3N BIZKAINA DE CAZA","og_description":"Mi\u00e9rcoles 12 de Septiembre de 2012 CALENDARIO ELECTORAL 2012 Mi\u00e9rcoles 12 de Septiembre de 2012 REGLAMENTO ELECTORAL 2012 PARTE 1 REGLAMENTO ELECTORAL 2012 PARTE 2 Mi\u00e9rcoles 12 de Septiembre de 2012 CIRCULAR N\u00ba1 SOBRE REGLAMENTO ELECTORAL APLICABLE EN 2012 Mi\u00e9rcoles 12 de Septiembre de 2012 ACTA 12 DE SEPTIEMBRE DE 2012 Mi\u00e9rcoles 12 de Septiembre [&hellip;]","og_url":"https:\/\/fedecazabizkaia.org\/elecciones-federacion\/","og_site_name":"FEDERACI\u00d3N BIZKAINA DE CAZA","article_publisher":"https:\/\/www.facebook.com\/FederacionBizkainaDeCaza\/","article_modified_time":"2016-11-03T07:33:10+00:00","og_image":[{"width":1000,"height":403,"url":"https:\/\/fedecazabizkaia.org\/wp-content\/uploads\/2016\/10\/caza.jpg","type":"image\/jpeg"}],"twitter_card":"summary_large_image","twitter_misc":{"Est. reading time":"4 minutua"},"schema":{"@context":"https:\/\/schema.org","@graph":[{"@type":"WebPage","@id":"https:\/\/fedecazabizkaia.org\/elecciones-federacion\/","url":"https:\/\/fedecazabizkaia.org\/elecciones-federacion\/","name":"[:es]Elecciones 2012[:eu]2012ko hauteskundeak [:] - FEDERACI\u00d3N BIZKAINA DE CAZA","isPartOf":{"@id":"https:\/\/fedecazabizkaia.org\/#website"},"primaryImageOfPage":{"@id":"https:\/\/fedecazabizkaia.org\/elecciones-federacion\/#primaryimage"},"image":{"@id":"https:\/\/fedecazabizkaia.org\/elecciones-federacion\/#primaryimage"},"thumbnailUrl":"https:\/\/fedecazabizkaia.org\/wp-content\/uploads\/2016\/10\/caza.jpg","datePublished":"2016-10-11T06:48:01+00:00","dateModified":"2016-11-03T07:33:10+00:00","breadcrumb":{"@id":"https:\/\/fedecazabizkaia.org\/elecciones-federacion\/#breadcrumb"},"inLanguage":"eu","potentialAction":[{"@type":"ReadAction","target":["https:\/\/fedecazabizkaia.org\/elecciones-federacion\/"]}]},{"@type":"ImageObject","inLanguage":"eu","@id":"https:\/\/fedecazabizkaia.org\/elecciones-federacion\/#primaryimage","url":"https:\/\/fedecazabizkaia.org\/wp-content\/uploads\/2016\/10\/caza.jpg","contentUrl":"https:\/\/fedecazabizkaia.org\/wp-content\/uploads\/2016\/10\/caza.jpg","width":1000,"height":403},{"@type":"BreadcrumbList","@id":"https:\/\/fedecazabizkaia.org\/elecciones-federacion\/#breadcrumb","itemListElement":[{"@type":"ListItem","position":1,"name":"Portada","item":"https:\/\/fedecazabizkaia.org\/"},{"@type":"ListItem","position":2,"name":"Elecciones 2012"}]},{"@type":"WebSite","@id":"https:\/\/fedecazabizkaia.org\/#website","url":"https:\/\/fedecazabizkaia.org\/","name":"FEDERACI\u00d3N BIZKAINA DE CAZA","description":"Lurralde Ehizako Federazioa","potentialAction":[{"@type":"SearchAction","target":{"@type":"EntryPoint","urlTemplate":"https:\/\/fedecazabizkaia.org\/?s={search_term_string}"},"query-input":{"@type":"PropertyValueSpecification","valueRequired":true,"valueName":"search_term_string"}}],"inLanguage":"eu"}]}},"_links":{"self":[{"href":"https:\/\/fedecazabizkaia.org\/eu\/wp-json\/wp\/v2\/pages\/2137"}],"collection":[{"href":"https:\/\/fedecazabizkaia.org\/eu\/wp-json\/wp\/v2\/pages"}],"about":[{"href":"https:\/\/fedecazabizkaia.org\/eu\/wp-json\/wp\/v2\/types\/page"}],"author":[{"embeddable":true,"href":"https:\/\/fedecazabizkaia.org\/eu\/wp-json\/wp\/v2\/users\/1"}],"replies":[{"embeddable":true,"href":"https:\/\/fedecazabizkaia.org\/eu\/wp-json\/wp\/v2\/comments?post=2137"}],"version-history":[{"count":19,"href":"https:\/\/fedecazabizkaia.org\/eu\/wp-json\/wp\/v2\/pages\/2137\/revisions"}],"predecessor-version":[{"id":2343,"href":"https:\/\/fedecazabizkaia.org\/eu\/wp-json\/wp\/v2\/pages\/2137\/revisions\/2343"}],"wp:featuredmedia":[{"embeddable":true,"href":"https:\/\/fedecazabizkaia.org\/eu\/wp-json\/wp\/v2\/media\/2069"}],"wp:attachment":[{"href":"https:\/\/fedecazabizkaia.org\/eu\/wp-json\/wp\/v2\/media?parent=2137"}],"curies":[{"name":"wp","href":"https:\/\/api.w.org\/{rel}","templated":true}]}}